{"id":3315,"date":"2022-11-30T08:00:28","date_gmt":"2022-11-30T08:00:28","guid":{"rendered":"https:\/\/spswierzno.edu.pl\/?page_id=3315"},"modified":"2022-12-08T09:04:55","modified_gmt":"2022-12-08T09:04:55","slug":"pomorskie-zagle-wiedzy","status":"publish","type":"page","link":"https:\/\/spswierzno.edu.pl\/?page_id=3315","title":{"rendered":"Pomorskie \u017bagle Wiedzy"},"content":{"rendered":"<p style=\"text-align: left;\">W ramach przedsi\u0119wzi\u0119cia strategicznego \u201eKompleksowe wsparcie szk\u00f3\u0142 i plac\u00f3wek\u201d w obszarze edukacji morskiej i \u017ceglarskiej Samorz\u0105d Wojew\u00f3dztwa Pomorskiego podj\u0105\u0142 si\u0119 realizacji projektu koordynacyjnego pn. \u201ePomorskie \u017bagle Wiedzy \u2013 wsparcie regionalne\u201d. Celem projektu jest poprawiona jako\u015b\u0107 edukacji og\u00f3lnej i przedszkolnej.<\/p>\n<p style=\"text-align: left;\">Realizowany w partnerstwie Samorz\u0105du Wojew\u00f3dztwa Pomorskiego z Akademi\u0105 Wychowania Fizycznego i Sportu w Gda\u0144sku projekt koordynacyjny przewiduje m.in. wsparcie nauczycieli poprzez organizacj\u0119 r\u00f3\u017cnorodnych form szkoleniowych przygotowuj\u0105cych do wykorzystania edukacji morskiej i \u017ceglarskiej do kszta\u0142towania kompetencji kluczowych i umiej\u0119tno\u015bci uniwersalnych uczni\u00f3w, w tym kompetencji w zakresie pracy metod\u0105 projektu czy kompetencji niezb\u0119dnych do prowadzenia<br \/>\nz uczniami praktycznych zaj\u0119\u0107 na wodzie. Ponadto w ramach projektu koordynacyjnego przewidziana jest tak\u017ce organizacja regionalnych konkurs\u00f3w podsumowuj\u0105cych prac\u0119 uczni\u00f3w realizuj\u0105cych projekty edukacyjne w szko\u0142ach uczestnicz\u0105cych<br \/>\nw przedsi\u0119wzi\u0119ciu strategicznym.<\/p>\n<p style=\"text-align: left;\">Wniosek o dofinansowanie projektu uzyska\u0142 dofinansowanie Uchwa\u0142\u0105 Nr 763\/271\/21 Zarz\u0105du Wojew\u00f3dztwa Pomorskiego<br \/>\nz dnia 29 lipca 2021 r. w sprawie przyznania dofinansowania na realizacj\u0119 Projektu pt. \u201ePomorskie \u017bagle Wiedzy \u2013 wsparcie regionalne\u201d w ramach Regionalnego Programu Operacyjnego Wojew\u00f3dztwa Pomorskiego na lata 2014\u20132020.<\/p>\n<p style=\"text-align: left;\"><strong>Ca\u0142kowita warto\u015b\u0107 projektu: wynosi 2 088 000,00 PLN<br \/>\nDofinansowanie projektu z UE: 1 774 800,00 z\u0142<\/strong><\/p>\n<p style=\"text-align: left;\"><strong>W ramach projektu O\u015brodek Doskonalenia Nauczycieli w S\u0142upsku b\u0119dzie realizowa\u0142&nbsp;m.in.:<\/strong><\/p>\n<ul style=\"text-align: left;\">\n<li>Wsparcie nauczycieli w zakresie doskonalenia umiej\u0119tno\u015bci i kompetencji zawodowych \u2013 szkolenie nauczycieli w ramach sieci wsp\u00f3\u0142pracy dla animator\u00f3w (trzy sieci);<\/li>\n<li>Konsulting ekspercko-doradczy dla szk\u00f3\u0142 w zakresie edukacji morskiej;<\/li>\n<li>Doskonalenie kompetencji i umiej\u0119tno\u015bci nauczycieli w zakresie wdra\u017cania Edukacji Morskiej w plac\u00f3wkach o\u015bwiatowych \u2013 konferencja.<\/li>\n<\/ul>\n<p style=\"text-align: left;\"><strong>PLANOWANE EFEKTY:<\/strong><\/p>\n<ul>\n<li style=\"text-align: left;\">100 uczni\u00f3w nab\u0119dzie kompetencje kluczowe lub umiej\u0119tno\u015bci uniwersalne po opuszczeniu Programu;<\/li>\n<li style=\"text-align: left;\">200 nauczycieli uzyska kwalifikacje lub nab\u0119dzie kompetencje po opuszczeniu Programu;<\/li>\n<li style=\"text-align: left;\">100 uczni\u00f3w zostanie obj\u0119tych wsparciem w zakresie rozwijania kompetencji kluczowych lub umiej\u0119tno\u015bci uniwersalnych<br \/>\nw Programie;<\/li>\n<li style=\"text-align: left;\">100 nauczycieli zostanie obj\u0119tych wsparciem w Programie;<\/li>\n<li style=\"text-align: left;\">100 nauczycieli zostanie obj\u0119tych wsparciem z zakresu TIK w Programie;<\/li>\n<li style=\"text-align: left;\">100 os\u00f3b zostanie obj\u0119tych szkoleniami\/doradztwem w zakresie kompetencji cyfrowych.<\/li>\n<\/ul>\n<p style=\"text-align: left;\"><strong>Broszura<\/strong>:&nbsp;<a href=\"https:\/\/www.cen.gda.pl\/download\/2021-09\/5570.pdf\" data-order=\"97\">ZOBACZ<\/a><\/p>\n<p style=\"text-align: left;\"><strong>O\u015brodek Doskonalenia Nauczycieli w S\u0142upsku \u2013 osoby do kontaktu<\/strong>:<\/p>\n<ul style=\"text-align: left;\">\n<li>Iwona Po\u017aniak: 58 84 23 567, <a href=\"http:\/\/i.pozniak@odn.slupsk.pl&nbsp;\" data-order=\"98\">i.pozniak@odn.slupsk.pl&nbsp;<\/a><\/li>\n<li>Anna Bu\u0107ko:&nbsp; 58 84 23 567, <a href=\"http:\/\/a.bucko@odn.slupsk.pl\" data-order=\"99\">a.bucko@odn.slupsk.pl<\/a><\/li>\n<\/ul>\n<p style=\"text-align: left;\"><strong>Mapa dotacji<\/strong>:&nbsp;<a href=\"https:\/\/mapadotacji.gov.pl\/\" data-order=\"100\">https:\/\/mapadotacji.gov.pl\/<\/a><\/p>\n","protected":false},"excerpt":{"rendered":"<p>W ramach przedsi\u0119wzi\u0119cia strategicznego \u201eKompleksowe wsparcie szk\u00f3\u0142 i plac\u00f3wek\u201d w obszarze edukacji morskiej i \u017ceglarskiej Samorz\u0105d Wojew\u00f3dztwa Pomorskiego podj\u0105\u0142 si\u0119 realizacji projektu koordynacyjnego pn. \u201ePomorskie \u017bagle Wiedzy \u2013 wsparcie regionalne\u201d. Celem projektu jest poprawiona jako\u015b\u0107 edukacji og\u00f3lnej i przedszkolnej. Realizowany w partnerstwie Samorz\u0105du Wojew\u00f3dztwa Pomorskiego z Akademi\u0105 Wychowania Fizycznego i Sportu w Gda\u0144sku projekt koordynacyjny\u2026 <span class=\"read-more\"><a href=\"https:\/\/spswierzno.edu.pl\/?page_id=3315\">Dowiedz si\u0119 wi\u0119cej &raquo;<\/a><\/span><\/p>\n","protected":false},"author":1,"featured_media":3310,"parent":773,"menu_order":0,"comment_status":"closed","ping_status":"closed","template":"","meta":{"ngg_post_thumbnail":0,"footnotes":""},"class_list":["post-3315","page","type-page","status-publish","has-post-thumbnail","hentry"],"_links":{"self":[{"href":"https:\/\/spswierzno.edu.pl\/index.php?rest_route=\/wp\/v2\/pages\/3315","targetHints":{"allow":["GET"]}}],"collection":[{"href":"https:\/\/spswierzno.edu.pl\/index.php?rest_route=\/wp\/v2\/pages"}],"about":[{"href":"https:\/\/spswierzno.edu.pl\/index.php?rest_route=\/wp\/v2\/types\/page"}],"author":[{"embeddable":true,"href":"https:\/\/spswierzno.edu.pl\/index.php?rest_route=\/wp\/v2\/users\/1"}],"replies":[{"embeddable":true,"href":"https:\/\/spswierzno.edu.pl\/index.php?rest_route=%2Fwp%2Fv2%2Fcomments&post=3315"}],"version-history":[{"count":1,"href":"https:\/\/spswierzno.edu.pl\/index.php?rest_route=\/wp\/v2\/pages\/3315\/revisions"}],"predecessor-version":[{"id":3316,"href":"https:\/\/spswierzno.edu.pl\/index.php?rest_route=\/wp\/v2\/pages\/3315\/revisions\/3316"}],"up":[{"embeddable":true,"href":"https:\/\/spswierzno.edu.pl\/index.php?rest_route=\/wp\/v2\/pages\/773"}],"wp:featuredmedia":[{"embeddable":true,"href":"https:\/\/spswierzno.edu.pl\/index.php?rest_route=\/wp\/v2\/media\/3310"}],"wp:attachment":[{"href":"https:\/\/spswierzno.edu.pl\/index.php?rest_route=%2Fwp%2Fv2%2Fmedia&parent=3315"}],"curies":[{"name":"wp","href":"https:\/\/api.w.org\/{rel}","templated":true}]}}